{"id":51195,"date":"2024-06-04T18:19:56","date_gmt":"2024-06-04T22:19:56","guid":{"rendered":"https:\/\/simpleseogroup.co\/sage\/dentists\/alvaro-garcia-dds\/"},"modified":"2026-09-04T03:10:41","modified_gmt":"2026-09-04T07:10:41","slug":"alvaro-garcia-dds","status":"publish","type":"dentists","link":"https:\/\/simpleseogroup.co\/sage\/es\/dentists\/alvaro-garcia-dds\/","title":{"rendered":"Alvaro Garcia, DDS"},"content":{"rendered":"<p>El Dr. Alvaro Garcia naci\u00f3 y creci\u00f3 en Madrid, Espa\u00f1a. En 2016, recibi\u00f3 su t\u00edtulo de Doctor en Cirug\u00eda Dental por la Universidad Complutense de Madrid. Posteriormente, obtuvo un maestr\u00eda en Implantolog\u00eda Oral por la Universidad de Sevilla.<\/p>\n<p>Con varios a\u00f1os de experiencia como dentista general, el Dr. Garcia se dedic\u00f3 a brindar atenci\u00f3n integral a sus pacientes. Adem\u00e1s, disfrut\u00f3 de compartir sus conocimientos como instructor cl\u00ednico a tiempo parcial en la Universidad Europea Miguel de Cervantes, donde fue mentor de estudiantes de posgrado.<\/p>\n<p>En busca de nuevos horizontes, el Dr. Garcia decidi\u00f3 continuar su carrera en los Estados Unidos. Curs\u00f3 el programa de Formaci\u00f3n Avanzada en Odontolog\u00eda General en la University of Connecticut donde perfeccion\u00f3 a\u00fan m\u00e1s sus habilidades. Durante este tiempo, descubri\u00f3 su verdadera pasi\u00f3n por la endodoncia, lo que lo llev\u00f3 a realizar una especializaci\u00f3n en este campo y obtener su certificado de especialista en la University of Connecticut.<\/p>\n<p>El Dr. Garcia es miembro de organizaciones profesionales, como la Asociaci\u00f3n Americana de Endodoncia y la Asociaci\u00f3n Dental Americana. Gracias a su activa participaci\u00f3n en ellas, se mantiene al d\u00eda de los \u00faltimos avances y t\u00e9cnicas de odontolog\u00eda. Tambi\u00e9n ha publicado numerosos art\u00edculos cient\u00edficos sobre odontolog\u00eda general y endodoncia en algunas de las revistas m\u00e1s prestigiosas del campo, como el Journal of Endodontics.<\/p>\n<p>Fuera del \u00e1mbito profesional, el Dr. Garcia disfruta de su vida personal. Valora pasar tiempo al aire libre con su familia, compartir noches de pel\u00edculas en casa con ellos o disfrutar de las hermosas playas de la bah\u00eda de Tampa.<\/p>\n","protected":false},"author":1,"featured_media":48002,"template":"","meta":{"_acf_changed":false},"class_list":["post-51195","dentists","type-dentists","status-publish","has-post-thumbnail","hentry"],"acf":[],"yoast_head":"<!-- This site is optimized with the Yoast SEO Premium plugin v27.7 (Yoast SEO v28.4) - https:\/\/yoast.com\/product\/yoast-seo-premium-wordpress\/ -->\n<title>Alvaro Garcia, DDS -<\/title>\n<meta name=\"description\" content=\"Conf\u00eda en el Dr. Alvaro Garcia de Sage Dental para recibir atenci\u00f3n dental profesional, ya sea que necesites un examen, un procedimiento est\u00e9tico o un tratamiento preventivo.\" \/>\n<meta name=\"robots\" content=\"noindex, follow, max-snippet:-1, max-image-preview:large, max-video-preview:-1\" \/>\n<meta property=\"og:locale\" content=\"es_ES\" \/>\n<meta property=\"og:type\" content=\"article\" \/>\n<meta property=\"og:title\" content=\"Alvaro Garcia, DDS\" \/>\n<meta property=\"og:description\" content=\"Conf\u00eda en el Dr. Alvaro Garcia de Sage Dental para recibir atenci\u00f3n dental profesional, ya sea que necesites un examen, un procedimiento est\u00e9tico o un tratamiento preventivo.\" \/>\n<meta property=\"og:url\" content=\"https:\/\/simpleseogroup.co\/sage\/es\/dentists\/alvaro-garcia-dds\/\" \/>\n<meta property=\"og:site_name\" content=\"Sage Dental\" \/>\n<meta property=\"article:publisher\" content=\"https:\/\/www.facebook.com\/mysagedental\" \/>\n<meta property=\"article:modified_time\" content=\"2026-09-04T07:10:41+00:00\" \/>\n<meta property=\"og:image\" content=\"https:\/\/simpleseogroup.co\/sage\/wp-content\/uploads\/2025\/10\/Dr.-Alvaro-Garcia.png.webp\" \/>\n\t<meta property=\"og:image:width\" content=\"813\" \/>\n\t<meta property=\"og:image:height\" content=\"938\" \/>\n\t<meta property=\"og:image:type\" content=\"image\/webp\" \/>\n<meta name=\"twitter:card\" content=\"summary_large_image\" \/>\n<meta name=\"twitter:site\" content=\"@MySageDental\" \/>\n<meta name=\"twitter:label1\" content=\"Tiempo de lectura\" \/>\n\t<meta name=\"twitter:data1\" content=\"1 minuto\" \/>\n<script type=\"application\/ld+json\" class=\"yoast-schema-graph\">{\"@context\":\"https:\\\/\\\/schema.org\",\"@graph\":[{\"@type\":\"WebPage\",\"@id\":\"https:\\\/\\\/simpleseogroup.co\\\/sage\\\/es\\\/dentists\\\/alvaro-garcia-dds\\\/\",\"url\":\"https:\\\/\\\/simpleseogroup.co\\\/sage\\\/es\\\/dentists\\\/alvaro-garcia-dds\\\/\",\"name\":\"Alvaro Garcia, DDS -\",\"isPartOf\":{\"@id\":\"https:\\\/\\\/simpleseogroup.co\\\/sage\\\/es\\\/#website\"},\"primaryImageOfPage\":{\"@id\":\"https:\\\/\\\/simpleseogroup.co\\\/sage\\\/es\\\/dentists\\\/alvaro-garcia-dds\\\/#primaryimage\"},\"image\":{\"@id\":\"https:\\\/\\\/simpleseogroup.co\\\/sage\\\/es\\\/dentists\\\/alvaro-garcia-dds\\\/#primaryimage\"},\"thumbnailUrl\":\"https:\\\/\\\/simpleseogroup.co\\\/sage\\\/wp-content\\\/uploads\\\/2025\\\/10\\\/Dr.-Alvaro-Garcia.png.webp\",\"datePublished\":\"2024-06-04T22:19:56+00:00\",\"dateModified\":\"2026-09-04T07:10:41+00:00\",\"description\":\"Conf\u00eda en el Dr. Alvaro Garcia de Sage Dental para recibir atenci\u00f3n dental profesional, ya sea que necesites un examen, un procedimiento est\u00e9tico o un tratamiento preventivo.\",\"breadcrumb\":{\"@id\":\"https:\\\/\\\/simpleseogroup.co\\\/sage\\\/es\\\/dentists\\\/alvaro-garcia-dds\\\/#breadcrumb\"},\"inLanguage\":\"es\",\"potentialAction\":[{\"@type\":\"ReadAction\",\"target\":[\"https:\\\/\\\/simpleseogroup.co\\\/sage\\\/es\\\/dentists\\\/alvaro-garcia-dds\\\/\"]}]},{\"@type\":\"ImageObject\",\"inLanguage\":\"es\",\"@id\":\"https:\\\/\\\/simpleseogroup.co\\\/sage\\\/es\\\/dentists\\\/alvaro-garcia-dds\\\/#primaryimage\",\"url\":\"https:\\\/\\\/simpleseogroup.co\\\/sage\\\/wp-content\\\/uploads\\\/2025\\\/10\\\/Dr.-Alvaro-Garcia.png.webp\",\"contentUrl\":\"https:\\\/\\\/simpleseogroup.co\\\/sage\\\/wp-content\\\/uploads\\\/2025\\\/10\\\/Dr.-Alvaro-Garcia.png.webp\",\"width\":813,\"height\":938},{\"@type\":\"BreadcrumbList\",\"@id\":\"https:\\\/\\\/simpleseogroup.co\\\/sage\\\/es\\\/dentists\\\/alvaro-garcia-dds\\\/#breadcrumb\",\"itemListElement\":[{\"@type\":\"ListItem\",\"position\":1,\"name\":\"Home\",\"item\":\"https:\\\/\\\/simpleseogroup.co\\\/sage\\\/es\\\/\"},{\"@type\":\"ListItem\",\"position\":2,\"name\":\"Alvaro Garcia, DDS\"}]},{\"@type\":\"WebSite\",\"@id\":\"https:\\\/\\\/simpleseogroup.co\\\/sage\\\/es\\\/#website\",\"url\":\"https:\\\/\\\/simpleseogroup.co\\\/sage\\\/es\\\/\",\"name\":\"Sage Dental\",\"description\":\"We Want You to Love Your Smile\",\"publisher\":{\"@id\":\"https:\\\/\\\/simpleseogroup.co\\\/sage\\\/es\\\/#organization\"},\"potentialAction\":[{\"@type\":\"SearchAction\",\"target\":{\"@type\":\"EntryPoint\",\"urlTemplate\":\"https:\\\/\\\/simpleseogroup.co\\\/sage\\\/es\\\/?s={search_term_string}\"},\"query-input\":{\"@type\":\"PropertyValueSpecification\",\"valueRequired\":true,\"valueName\":\"search_term_string\"}}],\"inLanguage\":\"es\"},{\"@type\":\"Organization\",\"@id\":\"https:\\\/\\\/simpleseogroup.co\\\/sage\\\/es\\\/#organization\",\"name\":\"Sage Dental\",\"url\":\"https:\\\/\\\/simpleseogroup.co\\\/sage\\\/es\\\/\",\"logo\":{\"@type\":\"ImageObject\",\"inLanguage\":\"es\",\"@id\":\"https:\\\/\\\/simpleseogroup.co\\\/sage\\\/es\\\/#\\\/schema\\\/logo\\\/image\\\/\",\"url\":\"https:\\\/\\\/mysagedental.com\\\/wp-content\\\/uploads\\\/2025\\\/11\\\/sage-dental-logo-signature.png\",\"contentUrl\":\"https:\\\/\\\/mysagedental.com\\\/wp-content\\\/uploads\\\/2025\\\/11\\\/sage-dental-logo-signature.png\",\"width\":400,\"height\":400,\"caption\":\"Sage Dental\"},\"image\":{\"@id\":\"https:\\\/\\\/simpleseogroup.co\\\/sage\\\/es\\\/#\\\/schema\\\/logo\\\/image\\\/\"},\"sameAs\":[\"https:\\\/\\\/www.facebook.com\\\/mysagedental\",\"https:\\\/\\\/x.com\\\/MySageDental\"]}]}<\/script>\n<!-- \/ Yoast SEO Premium plugin. -->","yoast_head_json":{"title":"Alvaro Garcia, DDS -","description":"Conf\u00eda en el Dr. Alvaro Garcia de Sage Dental para recibir atenci\u00f3n dental profesional, ya sea que necesites un examen, un procedimiento est\u00e9tico o un tratamiento preventivo.","robots":{"index":"noindex","follow":"follow","max-snippet":"max-snippet:-1","max-image-preview":"max-image-preview:large","max-video-preview":"max-video-preview:-1"},"og_locale":"es_ES","og_type":"article","og_title":"Alvaro Garcia, DDS","og_description":"Conf\u00eda en el Dr. Alvaro Garcia de Sage Dental para recibir atenci\u00f3n dental profesional, ya sea que necesites un examen, un procedimiento est\u00e9tico o un tratamiento preventivo.","og_url":"https:\/\/simpleseogroup.co\/sage\/es\/dentists\/alvaro-garcia-dds\/","og_site_name":"Sage Dental","article_publisher":"https:\/\/www.facebook.com\/mysagedental","article_modified_time":"2026-09-04T07:10:41+00:00","og_image":[{"width":813,"height":938,"url":"https:\/\/simpleseogroup.co\/sage\/wp-content\/uploads\/2025\/10\/Dr.-Alvaro-Garcia.png.webp","type":"image\/webp"}],"twitter_card":"summary_large_image","twitter_site":"@MySageDental","twitter_misc":{"Tiempo de lectura":"1 minuto"},"schema":{"@context":"https:\/\/schema.org","@graph":[{"@type":"WebPage","@id":"https:\/\/simpleseogroup.co\/sage\/es\/dentists\/alvaro-garcia-dds\/","url":"https:\/\/simpleseogroup.co\/sage\/es\/dentists\/alvaro-garcia-dds\/","name":"Alvaro Garcia, DDS -","isPartOf":{"@id":"https:\/\/simpleseogroup.co\/sage\/es\/#website"},"primaryImageOfPage":{"@id":"https:\/\/simpleseogroup.co\/sage\/es\/dentists\/alvaro-garcia-dds\/#primaryimage"},"image":{"@id":"https:\/\/simpleseogroup.co\/sage\/es\/dentists\/alvaro-garcia-dds\/#primaryimage"},"thumbnailUrl":"https:\/\/simpleseogroup.co\/sage\/wp-content\/uploads\/2025\/10\/Dr.-Alvaro-Garcia.png.webp","datePublished":"2024-06-04T22:19:56+00:00","dateModified":"2026-09-04T07:10:41+00:00","description":"Conf\u00eda en el Dr. Alvaro Garcia de Sage Dental para recibir atenci\u00f3n dental profesional, ya sea que necesites un examen, un procedimiento est\u00e9tico o un tratamiento preventivo.","breadcrumb":{"@id":"https:\/\/simpleseogroup.co\/sage\/es\/dentists\/alvaro-garcia-dds\/#breadcrumb"},"inLanguage":"es","potentialAction":[{"@type":"ReadAction","target":["https:\/\/simpleseogroup.co\/sage\/es\/dentists\/alvaro-garcia-dds\/"]}]},{"@type":"ImageObject","inLanguage":"es","@id":"https:\/\/simpleseogroup.co\/sage\/es\/dentists\/alvaro-garcia-dds\/#primaryimage","url":"https:\/\/simpleseogroup.co\/sage\/wp-content\/uploads\/2025\/10\/Dr.-Alvaro-Garcia.png.webp","contentUrl":"https:\/\/simpleseogroup.co\/sage\/wp-content\/uploads\/2025\/10\/Dr.-Alvaro-Garcia.png.webp","width":813,"height":938},{"@type":"BreadcrumbList","@id":"https:\/\/simpleseogroup.co\/sage\/es\/dentists\/alvaro-garcia-dds\/#breadcrumb","itemListElement":[{"@type":"ListItem","position":1,"name":"Home","item":"https:\/\/simpleseogroup.co\/sage\/es\/"},{"@type":"ListItem","position":2,"name":"Alvaro Garcia, DDS"}]},{"@type":"WebSite","@id":"https:\/\/simpleseogroup.co\/sage\/es\/#website","url":"https:\/\/simpleseogroup.co\/sage\/es\/","name":"Sage Dental","description":"We Want You to Love Your Smile","publisher":{"@id":"https:\/\/simpleseogroup.co\/sage\/es\/#organization"},"potentialAction":[{"@type":"SearchAction","target":{"@type":"EntryPoint","urlTemplate":"https:\/\/simpleseogroup.co\/sage\/es\/?s={search_term_string}"},"query-input":{"@type":"PropertyValueSpecification","valueRequired":true,"valueName":"search_term_string"}}],"inLanguage":"es"},{"@type":"Organization","@id":"https:\/\/simpleseogroup.co\/sage\/es\/#organization","name":"Sage Dental","url":"https:\/\/simpleseogroup.co\/sage\/es\/","logo":{"@type":"ImageObject","inLanguage":"es","@id":"https:\/\/simpleseogroup.co\/sage\/es\/#\/schema\/logo\/image\/","url":"https:\/\/mysagedental.com\/wp-content\/uploads\/2025\/11\/sage-dental-logo-signature.png","contentUrl":"https:\/\/mysagedental.com\/wp-content\/uploads\/2025\/11\/sage-dental-logo-signature.png","width":400,"height":400,"caption":"Sage Dental"},"image":{"@id":"https:\/\/simpleseogroup.co\/sage\/es\/#\/schema\/logo\/image\/"},"sameAs":["https:\/\/www.facebook.com\/mysagedental","https:\/\/x.com\/MySageDental"]}]}},"_links":{"self":[{"href":"https:\/\/simpleseogroup.co\/sage\/es\/wp-json\/wp\/v2\/dentists\/51195","targetHints":{"allow":["GET"]}}],"collection":[{"href":"https:\/\/simpleseogroup.co\/sage\/es\/wp-json\/wp\/v2\/dentists"}],"about":[{"href":"https:\/\/simpleseogroup.co\/sage\/es\/wp-json\/wp\/v2\/types\/dentists"}],"author":[{"embeddable":true,"href":"https:\/\/simpleseogroup.co\/sage\/es\/wp-json\/wp\/v2\/users\/1"}],"wp:featuredmedia":[{"embeddable":true,"href":"https:\/\/simpleseogroup.co\/sage\/es\/wp-json\/wp\/v2\/media\/48002"}],"wp:attachment":[{"href":"https:\/\/simpleseogroup.co\/sage\/es\/wp-json\/wp\/v2\/media?parent=51195"}],"curies":[{"name":"wp","href":"https:\/\/api.w.org\/{rel}","templated":true}]}}